{"id":6,"date":"2018-04-11T21:48:35","date_gmt":"2018-04-11T21:48:35","guid":{"rendered":"http:\/\/sdjm2018.er-schwimmt.de\/?page_id=6"},"modified":"2018-05-01T14:11:28","modified_gmt":"2018-05-01T12:11:28","slug":"one-page-express","status":"publish","type":"page","link":"http:\/\/sdjm2018.er-schwimmt.de\/","title":{"rendered":"Startseite"},"content":{"rendered":"<div  class=\"features-coloured-icon-boxes-section\" id=\"einstieg\" style=\"background-color: rgb(255, 255, 255);\" data-id=\"stripped-coloured-icon-boxes\" data-overlap=\"true\" data-category=\"overlapable\" data-label=\"Einstieg\">\n<div  class=\"gridContainer\">\n<div  class=\"features-coloured-icon-boxes-innerrow flexbox-list dark-text\" data-type=\"row\">\n<div  class=\"features-coloured-icon-boxes-featurecol cp3cols\">\n<div  class=\"features-coloured-icon-boxes-iconcontainer\" data-content-item-container=\"true\"><i  class=\"features-coloured-icon fa fa-file-pdf-o\" data-cp-fa=\"true\"><\/i><\/div>\n<h4  class=\"\">Downloads<\/h4>\n<p  class=\"\">Ausschreibung, Vereinslisten, Meldeergebnis, Protokoll, etc\u2026<\/p>\n<a  class=\"features-coloured-button\" href=\"#downloads\" target=\"_self\">Weiter\u2026<\/a>\n\n<\/div>\n<div  class=\"features-coloured-icon-boxes-featurecol cp3cols\">\n<div  class=\"features-coloured-icon-boxes-iconcontainer\" data-content-item-container=\"true\"><i  class=\"features-coloured-icon fa fa-info-circle\" data-cp-fa=\"true\"><\/i><\/div>\n<h4  class=\"\">Allgemeine Informationen<\/h4>\n<p  class=\"\">Alle Informationen kurz und knapp f\u00fcr Euch zusammengefasst. Bitte vor Anreise lesen. Alle Informationen kurz und knapp f\u00fcr Euch zusammengefasst. Bitte vor Anreise lesen.<\/p>\n<a  class=\"features-coloured-button\" href=\"#infos\" target=\"_self\">Weiter\u2026<\/a>\n\n<\/div>\n<div  class=\"features-coloured-icon-boxes-featurecol cp3cols\">\n<div  class=\"features-coloured-icon-boxes-iconcontainer\" data-content-item-container=\"true\"><i  class=\"features-coloured-icon fa fa-warning\" data-cp-fa=\"true\"><\/i><\/div>\n<h4  class=\"\">Bitte Beachten!<\/h4>\n<p  class=\"\">Der Freibadbereich ist geschlossen und darf nicht betreten werden! Zuwiderhandlungen k\u00f6nnen mit Ausschluss von der Veranstaltung geahndet werden.<\/p>\n\n<\/div>\n<div  class=\"features-coloured-icon-boxes-featurecol cp3cols\">\n<div  class=\"features-coloured-icon-boxes-iconcontainer\" data-content-item-container=\"true\"><i  class=\"features-coloured-icon fa fa-s15\" data-cp-fa=\"true\"><\/i><\/div>\n<h4  class=\"\">Wettkampfst\u00e4tte<\/h4>\n<p  class=\"\">Alles zur Wettkampfst\u00e4tte und zum Ablauf.<\/p>\n<a  class=\"features-coloured-button\" href=\"#veranstaltungsdaten\" target=\"_self\">Weiter\u2026<\/a>\n\n<\/div>\n<\/div>\n<\/div>\n<\/div><div  class=\"numbers-section\" id=\"numbers\" data-id=\"numbers-section\" data-parallax-depth=\"20\" data-category=\"numbers\" data-label=\"Numbers\" data-bg=\"transparent\"> <div  class=\"gridContainer dynamic-color\"> <div  class=\"numbers-itemcol\"> <h2  class=\"numbers-numbertext\">145<\/h2> <h3  class=\"numbers-titletext\">Vereine<\/h3> <\/div> <div  class=\"numbers-itemcol\"> <h2  class=\"numbers-numbertext\">&nbsp;<\/h2> <h3  class=\"numbers-titletext\">Meldestatistik<\/h3> <\/div> <div  class=\"numbers-itemcol-last\"> <h2  class=\"numbers-numbertext\">2288<\/h2> <h3  class=\"numbers-titletext\">Meldungen<br ><br ><br >564&nbsp;<br >Teilnehmer<\/h3> <\/div> <\/div><\/div><div  class=\"about-big-images-section\" id=\"veranstaltungsdaten\" style=\"background-color: rgb(255, 255, 255);\" data-id=\"about-big-images-section\" data-category=\"about\" data-label=\"Veranstaltungsdaten\">\n<div  class=\"gridContainer\">\n<div  class=\"about-big-images-textrow\">\n<div  class=\"about-big-images-textcol dynamic-color\" data-type=\"column\">\n<h5  class=\"\">pr\u00e4sentiert von der SSG 81 Erlangen<\/h5>\n<h3  class=\"\">26. S\u00fcddeutsche Jahrgangsmeisterschaften\nErlangen 2018\nmit schwimmerischem Mehrkampf<\/h3>\n<p  class=\"\">am 28. und 29. April 2018<\/p>\n<img decoding=\"async\"  class=\"custom-image\" src=\"http:\/\/sdjm2018.er-schwimmt.de\/wp-content\/uploads\/2018\/04\/SDJM2018_Logo.png\">\n\n<div  class=\"about-big-images-bottomrow\">\n<div  class=\"about-big-images-leftimgcol\"><\/div>\n<div  class=\"about-big-images-rightimgcol\"><\/div>\n<\/div>\n<p  class=\"\"><\/p><p  class=\"MsoNormal\">Ort:\n<br ><span  style=\"font-family: &quot;Source Sans Pro&quot;, sans-serif; font-size: 18px;\">Hannah Stockbauer Halle\n<\/span><span  style=\"font-family: &quot;Source Sans Pro&quot;, sans-serif; font-size: 18px;\"><br >Hartmannstra\u00dfe 121\n<br >\n<\/span><span  style=\"font-family: &quot;Source Sans Pro&quot;, sans-serif; font-size: 18px;\">91058 Erlangen\n<\/span><\/p>\n\n<p  class=\"MsoNormal\"><o  :p=\"\">&nbsp;<span  style=\"font-family: &quot;Source Sans Pro&quot;, sans-serif; font-size: 18px;\">Veranstalter:\n<br >\n<\/span><span  style=\"font-family: &quot;Source Sans Pro&quot;, sans-serif; font-size: 18px;\">S\u00fcddeutscher Schwimm-Verband<\/span><\/o><\/p>\n\n<p  class=\"MsoNormal\">Ausrichter:\n<br ><span  style=\"font-family: &quot;Source Sans Pro&quot;, sans-serif; font-size: 18px;\">SSG 81 Erlangen\n<br >\n<\/span><span  style=\"font-family: &quot;Source Sans Pro&quot;, sans-serif; font-size: 18px;\">Schwimmverein Erlangen e.V.\n<br >\n<\/span><span  style=\"font-family: &quot;Source Sans Pro&quot;, sans-serif; font-size: 18px;\">SG Siemens <\/span><span  style=\"font-family: &quot;Source Sans Pro&quot;, sans-serif; font-size: 18px;\">&nbsp;<\/span><span  style=\"font-family: &quot;Source Sans Pro&quot;, sans-serif; font-size: 18px;\">Erlangen Schwimmen\ne.V.\n<\/span><span  style=\"font-family: &quot;Source Sans Pro&quot;, sans-serif; font-size: 18px;\">&nbsp;<\/span><\/p>\n\n<p  class=\"MsoNormal\">\n<br ><br >Wettkampfbeginn:\n<br ><br ><span  style=\"font-family: &quot;Source Sans Pro&quot;, sans-serif; font-size: 18px;\">1. Abschnitt:&nbsp;<br >\n<\/span><span  style=\"font-family: &quot;Source Sans Pro&quot;, sans-serif; font-size: 18px;\">Samstag, 28. April 2018<\/span><span  style=\"font-family: &quot;Source Sans Pro&quot;, sans-serif; font-size: 18px;\">&nbsp;<br >\n<\/span><span  style=\"font-family: &quot;Source Sans Pro&quot;, sans-serif; font-size: 18px;\">Einschwimmen ab 08:30 bis 09:50 Uhr, Beginn um 10:00 Uhr\n\n<br ><br >\n<\/span><span  style=\"font-family: &quot;Source Sans Pro&quot;, sans-serif; font-size: 18px;\">2. Abschnitt:\n<br >\n<\/span><span  style=\"font-family: &quot;Source Sans Pro&quot;, sans-serif; font-size: 18px;\">Samstag, 28. April 2018\n<br >\n<\/span><span  style=\"font-family: &quot;Source Sans Pro&quot;, sans-serif; font-size: 18px;\">Einschwimmen m\u00f6glich, Beginn 45 Minuten nach Ende des 1.\nAbschnitts\n\n<br ><br >\n<\/span><span  style=\"font-family: &quot;Source Sans Pro&quot;, sans-serif; font-size: 18px;\">3. Abschnitt:\n<br >\n<\/span><span  style=\"font-family: &quot;Source Sans Pro&quot;, sans-serif; font-size: 18px;\">Sonntag,<\/span><span  style=\"font-family: &quot;Source Sans Pro&quot;, sans-serif; font-size: 18px;\">&nbsp; <\/span><span  style=\"font-family: &quot;Source Sans Pro&quot;, sans-serif; font-size: 18px;\">29. April\n2018\n<br >\n<\/span><span  style=\"font-family: &quot;Source Sans Pro&quot;, sans-serif; font-size: 18px;\">Einschwimmen ab 08:00 bis 08:55 Uhr, Beginn um 09:00 Uhr\n\n<br ><br >\n<\/span><span  style=\"font-family: &quot;Source Sans Pro&quot;, sans-serif; font-size: 18px;\">4. Abschnitt:\n<br >\n<\/span><span  style=\"font-family: &quot;Source Sans Pro&quot;, sans-serif; font-size: 18px;\">Sonntag,<\/span><span  style=\"font-family: &quot;Source Sans Pro&quot;, sans-serif; font-size: 18px;\">&nbsp; <\/span><span  style=\"font-family: &quot;Source Sans Pro&quot;, sans-serif; font-size: 18px;\">29. April\n2018\n<br >\n<\/span><span  style=\"font-family: &quot;Source Sans Pro&quot;, sans-serif; font-size: 18px;\">Einschwimmen m\u00f6glich, Beginn 45 Minuten nach Ende des 3.\nAbschnitts&nbsp;\n\n<br ><br ><br ><br >\n<\/span><span  style=\"font-family: &quot;Source Sans Pro&quot;, sans-serif; font-size: 18px;\">Meldeschluss: Donnerstag, 19.04.2018 \u2013 18:00 Uhr<\/span><\/p>\n<\/div>\n<\/div>\n<\/div>\n<\/div><div  class=\"content-right-image-section\" id=\"infos\" style=\"background-color: rgb(246, 246, 246);\" data-id=\"content-image-right\" data-category=\"content\" data-label=\"Infos\">\n<div  class=\"gridContainer\">\n<div  class=\"content-right-image-gridcol\">\n<div  class=\"content-right-image-textcol dynamic-color\" data-type=\"column\">\n<i  class=\"fa cp-icon fa1 fa-info\"><\/i><h2  class=\"\">Veranstaltungsinfos<\/h2>\n<p  class=\"large_text\">Herzlich Willkommen auf der offiziellen Veranstaltungsseite der&nbsp;\n<br >26. S\u00fcddeutschen Jahrgangsmeisterschaften mit Mehrkampf\n<br >am 28. &amp; 29. April 2018 in der Hannah-Stockbauer-Halle Erlangen\n<\/p>\n\n\n<div  class=\"spacer\" data-type=\"group\"><span  class=\"fa before\"><\/span><i  class=\"fa fa-bandcamp\"><\/i><span  class=\"fa after\"><\/span><\/div><p  class=\"\"><\/p><a  href=\"https:\/\/www.er-schwimmt.de\/images\/content\/ssv2018\/VeranstaltungsInfosSueddeutscheJahrgangsErlangen2018.pdf\" target=\"_blank\" class=\"\">Offizielle Veranstaltungsinfos als PDF<\/a><p  class=\"\">Jetzt verf\u00fcgbar! Bitte lesen\u2026\n<br >Last Update: 24.04.2018 08:00 Uhr<\/p>\n<p  class=\"\"><\/p><i  class=\"fa cp-icon fa1 fa-exclamation-triangle\"><\/i><p  class=\"\">\n\n<br ><br >Bitte die Punkte 16. bis 18. der Ausschreibung beachten:\n\n<br >\n<br ><br ><br >\n16. Unterkunftsm\u00f6glichkeiten\n<br ><br >\n\nTourist-Information \u2013 Quartiere, Goethestr. 21 a, 91054 Erlangen\n\n<br >Telefon +49 (0)9131 8951-0\n\n<br >Fax +49 (0)9131 8951-51\n\n<br >E-Mail: tourist@etm-er.de\n\n<br ><br ><br >\n\n17. Parkm\u00f6glichkeiten\n<br >\n<br >a) Parkplatz 1 Schwimmbad (Hartmannstra\u00dfe gegen\u00fcber Schwimmhalle)\n\n<br >b) Parkplatz 2 Schwimmbad (Gebbertstra\u00dfe \u2013 R\u00fcckseite vom Schwimmbad)\n\n<br >c) Parkplatz 3 Uni-Sportgel\u00e4nde (Hartmannstra\u00dfe gegen\u00fcber Schwimmhalle)\n\n<br >d) Ausweich-Parkplatz (nur im Notfall ansteuern) beim Gymnasium Fridericianum\n(Einfahrt Sebaldusstra\u00dfe 37)\n<br ><br ><br >\n\n18. Zus\u00e4tzliche Trainingsm\u00f6glichkeiten\n\n<br ><br >\nEinschwimmm\u00f6glichkeit besteht am Freitag, 27.04. 2018 abends ab 19.00 bis 21.00 Uhr. Der Bedarf ist vorab beim Ausrichter anzumelden. Bei gro\u00dfem Interesse bekommen diejenigen bevorzugt eine\nM\u00f6glichkeit, die sich zuerst gemeldet haben. \n<br >Ausschwimmen ist nach den jeweiligen Nachmittagsveranstaltungsabschnitten bis max. 1\/2 Stunde m\u00f6glich.\n<br ><br ><br >\n\n19. Verpflegung\n\n<br ><br >\nIn der Schwimmhalle wird durch Eltern der Ausrichtervereine ein Hauscafe organisiert mit Angeboten an Kaffee und Kuchen, Brezeln, belegten Br\u00f6tchen, Waffeln, Tee usw.\n\n<br >Warme Speisen inkl. Pasta nur am Kiosk des Bades.\nVorbestellungen von warmen Speisen bitte bei Meldung an den Ausrichter z.B. bei geplanter Verpflegung der Mannschaft in den Pausen zur besseren Kalkulation des Kioskbetreibers.\n<br >\n<br ><br >\n\n20. Sonstiges\n\n<br ><br >\nF\u00fcr Unf\u00e4lle, Diebst\u00e4hle, Verluste, Besch\u00e4digungen usw. \u00fcbernimmt weder der S\u00fcddeutsche Schwimm-Verband als Veranstalter, die SSG 81 Erlangen als Ausrichter, noch die ESTW als Rechtstr\u00e4ger der Sportst\u00e4tte eine Haftung.\n\n<br ><br >F\u00fcr die Garderobenschr\u00e4nke k\u00f6nnen am Infostand Einsteckkarten abgeholt werden.\n\n<br ><br >Im Verlauf der Veranstaltung k\u00f6nnen von den Aktiven, Trainern und Betreuern Film- und\/oder Bild und\/oder Tonaufnahmen gemacht werden. <br >Der Veranstalter bzw. Ausrichter wird diese Medien im Rahmen seiner Presse- und \u00d6ffentlichkeitsarbeit verwenden. Mit der Meldung erkl\u00e4rt der Verein\/Aktive\/Trainer\/Betreuer sein Einverst\u00e4ndnis.\n\n<br ><br >\nZu beachten ist au\u00dferdem, dass die Fluchtwege und G\u00e4nge frei bleiben m\u00fcssen.\n\n<br ><br ><br >Den Anweisungen des Badpersonals und den Helfern des Ausrichters ist stets Folge zu Leisten.\n\n<\/p>\n<p  class=\"\">&nbsp;\n<\/p><i  class=\"fa cp-icon fa1 fa-music\"><\/i><p  class=\"\">F\u00fcr die Musikzusammenstellung k\u00f6nnen sich die Schwimmerinnen und Schwimmer ihre Lieblingslieder in folgender \u00f6ffentlicher Spotify Playliste zusammenstellen. Bitte keine Lieder aus der Playlist entfernen, ihr d\u00fcrft gerne Eure W\u00fcnsche dazu h\u00e4ngen, aber respektiert bitte auch die Musikw\u00fcnsche der anderen. (Spotify Account wird ben\u00f6tigt)\n<br ><br >\n<br >ACHTUNG: Bitte nur Songs aussuchen, die zur \u00f6ffentlichen Wiedergabe geeignet sind. Lieder, die Texte enthalten, die als nicht angemessen erachtet werden, werden entfernt!<\/p><a  href=\"https:\/\/open.spotify.com\/user\/g4ni07tm6a6fypw9y0biivaa2\/playlist\/3dnvj8gmJS1l15090Lv92j\" target=\"_blank\" class=\"\">Link zur Spotify Playliste SDJM 2018<\/a><p  class=\"\">&nbsp;\n<br ><br >\n<\/p><\/div>\n<div  class=\"content-right-image-imgcol\" data-type=\"column\"><img decoding=\"async\"  src=\"http:\/\/sdjm2018.er-schwimmt.de\/wp-content\/uploads\/2018\/04\/SDJM2018_LogoTShirt.png\" class=\"\"><\/div>\n<\/div>\n<\/div>\n<\/div><div  class=\"team-colors-section\" id=\"grussworte\" style=\"background-color: rgb(255, 255, 255);\" data-id=\"team-colors-section\" data-category=\"team\" data-label=\"Grussworte\">\n<div  class=\"gridContainer\">\n<div  class=\"team-colors-textcol dynamic-color\">\n<h2 >Gru\u00dfworte<\/h2>\n<p >Erfolgreiche und spannende Wettk\u00e4mpfe w\u00fcnschen:<\/p>\n\n<\/div>\n<div  class=\"team-colors-membersrow dark-text\" data-type=\"row\">\n<div  class=\"team-colors-membercol cp6cols-tablet cp3cols\">\n<div  class=\"team-colors-membercard\">\n<div  class=\"team-colors-background\"><\/div>\n<div  class=\"team-colors-memberinfo\" data-type=\"column\">\n\n<img decoding=\"async\"  class=\"team-colors-memberimg\" src=\"http:\/\/sdjm2018.er-schwimmt.de\/wp-content\/uploads\/2018\/04\/cropped-Susanne-Lender-Cassens-BM-II-08.03.2016.jpg\" data-size=\"500x500\">\n<h4  class=\"team-colors-membername\">Susanne Lender-Cassens<\/h4>\n<p  class=\"team-colors-memberposition\">2. B\u00fcrgermeisterin der \n<br >Stadt Erlangen<\/p>\n<p  class=\"\">\n<br ><br >Liebe Sportlerinnen und Sportler,\n<br ><br >\n<br >\n<br >&nbsp;<br ><br >zu den 26. S\u00fcddeutschen Jahrgangsmeisterschaften und zum 11. S\u00fcddeutschen Mehrkampf im Schwimmen darf ich Sie alle herzlich in der Erlanger Hannah-Stockbauer-Schwimmhalle willkommen hei\u00dfen.<br ><br >Erlangen ist eine Stadt des Breitensports. Viele Sportveranstaltungen wie Tag des Sports, Festival des Sports, Sportfest f\u00fcr alle sind offenkundige Anhaltspunkte daf\u00fcr, dass die Erlanger begeisterungsf\u00e4hig f\u00fcr Bewegung und Sport sind.<br ><br >Leistungssport wird neben Triathlon, Judo und Handball insbesondere im Schwim-men betrieben. Als  ein sichtbares Zeichen nenne ich den Landesst\u00fctzpunkt Schwimmen, der hier in Erlangen beheimatet ist und unter der Leitung von Roland B\u00f6ller steht. Wir haben hier in Erlangen Schwimmerinnen und Schwimmer, die  bei nationalen und internationalen Wettk\u00e4mpfen sehr erfolgreich sind. <br ><br >Viele Menschen kennen Erlangen, die kleinste bayerische Gro\u00dfstadt, als Hugenottenstadt, Universit\u00e4tsstadt als Siemensstadt oder nat\u00fcrlich als Fahrradstadt. Nicht zu vergessen ist die Bergkirchweih, die 5. Jahreszeit, die j\u00e4hrlich an Pfingsten stattfindet. Vielleicht haben Sie die M\u00f6glichkeit, die Stadt an den beiden Tagen der Veranstaltung etwas zu erkunden und n\u00e4her kennenzulernen.<br ><br >Schlie\u00dflich m\u00f6chte ich meinen Dank der SSG 81 Erlangen aussprechen, und damit auch allen Ehrenamtlichen, Helferinnen und Helfern.<br ><br >Sie haben sich erfolgreich um die Ausrichtung der Wettk\u00e4mpfe bem\u00fcht und die Organisation und Durchf\u00fchrung an beiden Wettkampftagen \u00fcbernommen.<br ><br >Ich w\u00fcnsche Ihnen allen einen angenehmen Aufenthalt in Erlangen, viel Erfolg und behalten Sie Erlangen in guter Erinnerung.\n<br ><br >Ihre Susanne Lender-Cassens<\/p>\n\n\n<hr  class=\"team-colors-separator\">\n\n<\/div>\n<div  class=\"team-colors-membericons\" data-type=\"group\"><a  href=\"#\" target=\"_self\" data-reiki-hidden=\"true\"><i  class=\"team-colors-icon fa fa-linkedin\" data-cp-fa=\"true\"><\/i><\/a> <a  href=\"#\" target=\"_self\" data-reiki-hidden=\"true\"><i  class=\"fa team-colors-icon fa-twitter\" data-cp-fa=\"true\"><\/i><\/a> <a  href=\"#\" target=\"_self\" data-reiki-hidden=\"true\"><i  class=\"fa team-colors-icon fa-dribbble\" data-cp-fa=\"true\"><\/i><\/a><\/div>\n<\/div>\n<\/div>\n<div  class=\"team-colors-membercol cp6cols-tablet cp3cols\">\n<div  class=\"team-colors-membercard\">\n<div  class=\"team-colors-background\"><\/div>\n<div  class=\"team-colors-memberinfo\" data-type=\"column\">\n\n<img decoding=\"async\"  class=\"team-colors-memberimg\" src=\"http:\/\/sdjm2018.er-schwimmt.de\/wp-content\/uploads\/2018\/04\/cropped-Rukatukl.jpg\" data-size=\"500x500\">\n<h4  class=\"team-colors-membername\">Jakob Rukatukl<\/h4>\n<p  class=\"team-colors-memberposition\">Fachwart Schwimmen&nbsp;<br >S\u00fcddeutscher \n<br >Schwimm-Verband<\/p>\n<p  class=\"\"><br >Liebe Schwimmer\/innen, Trainer\/innnen und Betreuer\/innen,<br >sehr geehrte G\u00e4ste,<br ><br ><br >an die SSG 81 Erlangen (Schwimmverein Erlangen e.V.und SG Siemens Erlangen Schwimmen e.V.) habe ich erstmals eine S\u00fcddeutsche Wettkampfveranstaltung zur Ausrichtung \u00fcbertragen.<br ><br >Die 26. S\u00fcddeutschen Jahrgangsmeisterschaften und der 11. Schwimmerische Mehrkampf finden am 28. und 29. April 2018 in der Hannah-Stockbauer-Halle im R\u00f6thelheimbad, Hartmannstra\u00dfe 121, 91058 Erlangen, statt.<br ><br >Das Ausrichterteam der SSG 81 Erlangen hat schon viele gro\u00dfe Schwimmwettk\u00e4mpfe ausgerichtet, zum Beispiel Bayerische Meisterschaften und Internationale Veranstaltungen. Die erforderlichen Voraussetzungen zum Ausrichten einer S\u00fcddeutschen Veranstaltung sind deshalb gegeben.<br ><br >Das erfahrene Team der SSG 81 Erlangen hat im Vorwege alles M\u00f6gliche getan, damit diese Veranstaltung in einem guten Rahmen stattfinden kann und erfolgreich sein wird. Allen, die dazu beigetragen haben, danke ich daf\u00fcr recht herzlich.<br ><br >Allen Aktiven w\u00fcnsche ich faire und spannende Wettk\u00e4mpfe mit guten Ergebnissen und uns allen eine sch\u00f6ne Veranstaltung.<\/p>\n\n\n<hr  class=\"team-colors-separator\">\n\n<\/div>\n<div  class=\"team-colors-membericons\" data-type=\"group\"><a  href=\"#\" target=\"_self\" data-reiki-hidden=\"true\"><i  class=\"team-colors-icon fa fa-linkedin\" data-cp-fa=\"true\"><\/i><\/a> <a  href=\"#\" target=\"_self\" data-reiki-hidden=\"true\"><i  class=\"fa team-colors-icon fa-twitter\" data-cp-fa=\"true\"><\/i><\/a> <a  href=\"#\" target=\"_self\" data-reiki-hidden=\"true\"><i  class=\"fa team-colors-icon fa-dribbble\" data-cp-fa=\"true\"><\/i><\/a><\/div>\n<\/div>\n<\/div>\n<div  class=\"team-colors-membercol cp6cols-tablet cp3cols\">\n<div  class=\"team-colors-membercard\">\n<div  class=\"team-colors-background\"><\/div>\n<div  class=\"team-colors-memberinfo\" data-type=\"column\">\n\n<img decoding=\"async\"  class=\"team-colors-memberimg\" src=\"http:\/\/sdjm2018.er-schwimmt.de\/wp-content\/uploads\/2018\/04\/cropped-BJM_2012_ESTW_Exner_180x225.jpg\" data-size=\"500x500\">\n<h4  class=\"team-colors-membername\">Matthias Exner<\/h4>\n<p  class=\"team-colors-memberposition\">Kaufm\u00e4nnischer Vorstand<br >Erlanger Stadtwerke AG<\/p>\n<p  class=\"\">\n<br ><br >Sehr geehrte Damen und Herren,<br >sehr geehrte G\u00e4ste,<br >liebe Teilnehmerinnen und Teilnehmer,\n<br ><br >herzlich willkommen in der Hannah-Stockbauer-Halle im R\u00f6thelheimbad<br >Erlangen. Die Erlanger Stadtwerke sind von der Stadt Erlangen mit der<br >Betriebsf\u00fchrung der st\u00e4dtischen B\u00e4der beauftragt. \n<br ><br >Als B\u00e4derbetreiberin freuen<br >wir uns sehr, dass die SSG 81 Erlangen eine so bedeutende<br >Schwimmsportveranstaltung in unserem Hallenbad ausrichtet.<br >\n<br >Gemeinsam mit dem Organisationsteam des Schwimmverein Erlangen und der SG Siemens Erlangen Schwimmabteilung haben sich<br >unsere Mitarbeiterinnen und Mitarbeiter auf das sportliche Gro\u00dfereignis<br >vorbereitet. Wir haben uns angestrengt, beste Rahmenbedingungen f\u00fcr die<br >diesj\u00e4hrigen S\u00fcddeutschen Meisterschaften zu schaffen.<br >\n<br >Allen Teilnehmerinnen und Teilnehmern w\u00fcnschen wir viel Freude und viel Erfolg<br >bei ihren Wettk\u00e4mpfen und hoffen, dass sich alle G\u00e4ste in unserem<br >R\u00f6thelheimbad wohlf\u00fchlen werden.<\/p>\n\n\n<hr  class=\"team-colors-separator\">\n\n<\/div>\n<div  class=\"team-colors-membericons\" data-type=\"group\"><a  href=\"#\" target=\"_self\" data-reiki-hidden=\"true\"><i  class=\"team-colors-icon fa fa-linkedin\" data-cp-fa=\"true\"><\/i><\/a> <a  href=\"#\" target=\"_self\" data-reiki-hidden=\"true\"><i  class=\"fa team-colors-icon fa-twitter\" data-cp-fa=\"true\"><\/i><\/a> <a  href=\"#\" target=\"_self\" data-reiki-hidden=\"true\"><i  class=\"fa team-colors-icon fa-dribbble\" data-cp-fa=\"true\"><\/i><\/a><\/div>\n<\/div>\n<\/div>\n<div  class=\"team-colors-membercol cp6cols-tablet cp3cols\">\n<div  class=\"team-colors-membercard\">\n<div  class=\"team-colors-background\"><\/div>\n<div  class=\"team-colors-memberinfo\" data-type=\"column\">\n\n<img decoding=\"async\"  class=\"team-colors-memberimg\" src=\"http:\/\/sdjm2018.er-schwimmt.de\/wp-content\/uploads\/2018\/04\/cropped-FranzWolf-1.jpg\" data-size=\"500x500\">\n<h4  class=\"team-colors-membername\">Wolf-Dieter Thiel\n<br >und\n<br >Franz Prade<\/h4>\n<p  class=\"team-colors-memberposition\">Vorstand der SSG 81 Erlangen<\/p>\n<p  class=\"\">\n<br >Liebe Teilnehmerinnen und Teilnehmer,&nbsp;\n<br >liebe Trainer, Betreuer,<br >sehr geehrte G\u00e4ste,\n<br ><br ><br >Im Namen der Erlanger Schwimmerinnen und Schwimmer begr\u00fc\u00dfen wir Euch herzlich in unserer sch\u00f6nen Studentenstadt.\n<br ><br >Wir freuen uns, erstmalig eine Veranstaltung auf dieser Ebene durchf\u00fchren zu d\u00fcrfen. \n<br ><br >Unser besonderer Dank gilt nat\u00fcrlich im Vorfeld erstmal den zahlreichen flei\u00dfigen H\u00e4nden im Organisationsteam.<br >Wir sind uns sicher, dass die Wettk\u00e4mpfe dank der liebevollen Betreuung durch unsere zahlreichen&nbsp;ehrenamtlichen Helferinnen und Helfer f\u00fcr alle Beteiligten zu einer bleibenden<br >Erinnerung werden.\n\n<br ><br >Ein herzliches Dankesch\u00f6n nat\u00fcrlich auch an das Kampfgericht f\u00fcr ein weiteres Wochenende in der Schwimmhalle.\n<br ><br >Bleibt noch, uns f\u00fcr die Unterst\u00fctzung durch die Stadt Erlangen und das Personal der Erlanger Stadtwerke zu bedanken.<br ><br >Den teilnehmenden Athleten w\u00fcnschen wir den erhofften sportlichen Erfolg, der<br >Veranstaltung ein reibungsloses Gelingen und allen Zuschauerinnen und Zuschauern<br >spannende und faire Wettk\u00e4mpfe im Becken.<\/p>\n\n\n<hr  class=\"team-colors-separator\">\n\n<\/div>\n<div  class=\"team-colors-membericons\" data-type=\"group\"><a  href=\"#\" target=\"_self\" data-reiki-hidden=\"true\"><i  class=\"team-colors-icon fa fa-linkedin\" data-cp-fa=\"true\"><\/i><\/a> <a  href=\"#\" target=\"_self\" data-reiki-hidden=\"true\"><i  class=\"fa team-colors-icon fa-twitter\" data-cp-fa=\"true\"><\/i><\/a> <a  href=\"#\" target=\"_self\" data-reiki-hidden=\"true\"><i  class=\"fa team-colors-icon fa-dribbble\" data-cp-fa=\"true\"><\/i><\/a><\/div>\n<\/div>\n<\/div>\n<\/div>\n<\/div>\n<\/div><div  class=\"about-text-icons-section\" id=\"downloads\" style=\"background-color: rgb(246, 246, 246);\" data-id=\"about-text-icons-section\" data-category=\"about\" data-label=\"Downloads\"> <div  class=\"gridContainer\"> <div  class=\"about-text-icons-innerrow dynamic-color\"> <div  class=\"about-text-icons-textcol\" data-type=\"column\"> <h5  class=\"\">Veranstaltungsdateien<\/h5> <h3  class=\"\">&nbsp;Downloads<\/h3> <p  class=\"\">Alle Veranstaltungsdateien auf einen Blick<\/p> <\/div> <div  class=\"about-text-icons-cols flexbox-list\"> <div  class=\"about-text-icons-iconcol\"> <i  class=\"font-icon-21 fa fa-rocket\" data-cp-fa=\"true\"><\/i> <h4 >Ausschreibung<\/h4> <p >Last Update:&nbsp;27.01.2018  11:00 Uhr\n<br >&nbsp;<\/p><a  href=\"https:\/\/www.er-schwimmt.de\/images\/content\/ssv2018\/AusschreibungSueddeutscheJahrgangsErlangen2018.pdf\" target=\"_blank\" class=\"\"><i  class=\"font-icon-20 fa fa-angle-double-right\" data-cp-fa=\"true\"><\/i>&nbsp;download<\/a> <\/div> <div  class=\"about-text-icons-iconcol\"> <i  class=\"font-icon-21 fa fa-handshake-o\" data-cp-fa=\"true\"><\/i> <h4 >Vereinsliste<\/h4> <p >Last Update: 22.04.2018 23:59 Uhr\n<br >&nbsp;<\/p><a  href=\"https:\/\/www.er-schwimmt.de\/images\/content\/ssv2018\/VereinslisteSueddeutscheJahrgangsErlangen2018.pdf\" target=\"_blank\" class=\"\"><i  class=\"font-icon-20 fa fa-angle-double-right\" data-cp-fa=\"true\"><\/i>&nbsp;download<\/a> <\/div><div  class=\"about-text-icons-iconcol\"> <i  class=\"font-icon-21 fa fa-cogs\" data-cp-fa=\"true\"><\/i> <h4 >Wettkampfinfos<\/h4> <p >Jetzt verf\u00fcgbar! Bitte lesen\u2026 <br >Last Update: 24.04.2018 08:00 Uhr<\/p><a  href=\"https:\/\/www.er-schwimmt.de\/images\/content\/ssv2018\/VeranstaltungsInfosSueddeutscheJahrgangsErlangen2018.pdf\" target=\"_blank\" class=\"\"><i  class=\"font-icon-20 fa fa-angle-double-right\" data-cp-fa=\"true\"><\/i>&nbsp;download<\/a> <\/div>  <div  class=\"about-text-icons-iconcol\"> <i  class=\"font-icon-21 fa fa-clock-o\" data-cp-fa=\"true\"><\/i> <h4 >Kampfrichterinfos<\/h4> <p >Jetzt verf\u00fcgbar! Bitte lesen\u2026 <br >Last Update: 24.04.2018 08:00 Uhr<\/p><a  href=\"https:\/\/www.er-schwimmt.de\/images\/content\/ssv2018\/VeranstaltungsInfoKampfrichterSueddeutscheJahrgangsErlan.pdf\" target=\"_blank\" class=\"\"><i  class=\"font-icon-20 fa fa-angle-double-right\" data-cp-fa=\"true\"><\/i>&nbsp;download<\/a> <\/div><div  class=\"about-text-icons-iconcol\"> \n<i  class=\"font-icon-21 fa fa-shopping-cart\" data-cp-fa=\"true\"><\/i> <h4 >Speisenkarte und Preisliste Kiosk<\/h4> <p >Last Update:&nbsp;21.04.2018 23:00 Uhr\n<br >Bitte zur besseren Kalkulation vorbestellen, falls eine Mannschaftsverpflegung stattfinden soll.<\/p><a  href=\"https:\/\/www.er-schwimmt.de\/images\/content\/ssv2018\/PreiseKioskSueddeutscheJahrgangsErlangen2018.pdf\" target=\"_blank\" class=\"\"><i  class=\"font-icon-20 fa fa-angle-double-right\" data-cp-fa=\"true\"><\/i>&nbsp;download<\/a> <\/div>  <div  class=\"about-text-icons-iconcol\"> <i  class=\"font-icon-21 fa fa-chain\" data-cp-fa=\"true\"><\/i> <h4 >Veranstaltung auf Myresults.eu<\/h4> <p >\nLast Update: 26.04.2018 02:00 Uhr\n\n<br  class=\"within\">Auch hier gibt\u2019s die Ergebnisse.\n<br >\n<br ><\/p><a  href=\"https:\/\/myresults.eu\/de-DE\/Meets\/Today-Upcoming\/1430\/Overview\" target=\"_blank\" class=\"\"><i  class=\"font-icon-20 fa fa-angle-double-right\" data-cp-fa=\"true\"><\/i>&nbsp;folge dem Link\u2026<\/a> <\/div>  <div  class=\"about-text-icons-iconcol\"> <i  class=\"font-icon-21 fa fa-align-center\" data-cp-fa=\"true\"><\/i> <h4 >&nbsp;Meldeergebnis<\/h4> <p >Last Update: 26.04.2018 02:00 Uhr\n<br >Gesamtes Meldeergebnis.\n\n<br >Zeitplan OHNE Gew\u00e4hr!\n<br >Es gelten die Ansagen der Sprecher vor Ort!<br >Einzelne Abschnitte gibts\n<a  href=\"https:\/\/www.er-schwimmt.de\/index.php?section=news&amp;cmd=details&amp;newsid=191\" target=\"_blank\" class=\"\">hier.<\/a><br >\n<\/p><a  href=\"https:\/\/www.er-schwimmt.de\/images\/content\/ssv2018\/MeldeergebnisSueddeutscheJahrgangsErlangen2018.pdf\" target=\"_blank\" class=\"\"><i  class=\"font-icon-20 fa fa-angle-double-right\" data-cp-fa=\"true\"><\/i>&nbsp;download<\/a>\n<\/div><div  class=\"about-text-icons-iconcol\"> \n<i  class=\"font-icon-21 fa fa-hourglass-2\" data-cp-fa=\"true\"><\/i> <h4 >Live-Timing<\/h4> <p >Live-Timing am Tag der Veranstaltung\n<br >\n<br ><br ><br >&nbsp;&nbsp;<\/p><a  href=\"https:\/\/myresults.eu\/de-DE\/Meets\/Today-Upcoming\/1430\/LIVE\" target=\"_blank\" class=\"\"><i  class=\"font-icon-20 fa fa-angle-double-right\" data-cp-fa=\"true\"><\/i>&nbsp;folge dem Link\u2026<\/a> <\/div> <div  class=\"about-text-icons-iconcol\"> <i  class=\"font-icon-21 fa fa-futbol-o\" data-cp-fa=\"true\"><\/i> <h4 >Ergebnisdienst auf Myresults.eu<\/h4> <p >Laufend aktualisierte Ergebnisse\n\n<br ><br ><\/p><a  href=\"https:\/\/myresults.eu\/de-DE\/Meets\/Today-Upcoming\/1430\/Results\" target=\"_blank\" class=\"\"><i  class=\"font-icon-20 fa fa-angle-double-right\" data-cp-fa=\"true\"><\/i>&nbsp;folge dem Link\u2026<\/a> <\/div> <div  class=\"about-text-icons-iconcol\"> <i  class=\"font-icon-21 fa fa-book\" data-cp-fa=\"true\"><\/i> <h4 >Protokoll inkl. Mehrkampf und ENM<\/h4> <p >Last Update: 30.04.2018 12:00 Uhr\n<br >Den Medaillenspiegel gibts \n<a  href=\"https:\/\/www.er-schwimmt.de\/index.php?section=news&amp;cmd=details&amp;newsid=191\" target=\"_blank\" class=\"\"> hier.<\/a><\/p><a  href=\"https:\/\/www.er-schwimmt.de\/images\/content\/ssv2018\/ProtokollSueddeutscheJahrgangsErlangen2018.pdf\" target=\"_blank\" class=\"\"><i  class=\"font-icon-20 fa fa-angle-double-right\" data-cp-fa=\"true\"><\/i>&nbsp;download<\/a> <\/div> <div  class=\"about-text-icons-iconcol\"> <i  class=\"font-icon-21 fa fa-flag-checkered\" data-cp-fa=\"true\"><\/i> <h4 >DSV-6 Wettkampfergebnisse<\/h4> <p >Last Update: 30.04.2018 10:00 Uhr<\/p><a  href=\"https:\/\/www.er-schwimmt.de\/images\/content\/ssv2018\/20180429erlangenpr.dsv6\" target=\"_blank\" class=\"\"><i  class=\"font-icon-20 fa fa-angle-double-right\" data-cp-fa=\"true\"><\/i>&nbsp;download<\/a>\n<\/div> <div  class=\"about-text-icons-iconcol\"> <i  class=\"font-icon-21 fa fa-pie-chart\" data-cp-fa=\"true\"><\/i> <h4 >LENEX-2 Wettkampfergebnisse<\/h4> <p >Last Update: 30.04.2018 10:00 Uhr<\/p><a  href=\"https:\/\/www.er-schwimmt.de\/images\/content\/ssv2018\/29042018_Erlangen_lenex2_results.lxf\" target=\"_blank\" class=\"\"><i  class=\"font-icon-20 fa fa-angle-double-right\" data-cp-fa=\"true\"><\/i>&nbsp;download<\/a> <\/div><div  class=\"about-text-icons-iconcol\"> \n<i  class=\"font-icon-21 fa fa-address-card-o\" data-cp-fa=\"true\"><\/i> <h4 >DSV-6 Wettkampfdefinitionen<\/h4> <p >Last Update:&nbsp;27.01.2018  11:00 Uhr<\/p><a  href=\"https:\/\/www.er-schwimmt.de\/images\/content\/ssv2018\/20180429erlangenwk.dsv6\" target=\"_blank\" class=\"\"><i  class=\"font-icon-20 fa fa-angle-double-right\" data-cp-fa=\"true\"><\/i>&nbsp;download<\/a> <\/div> <div  class=\"about-text-icons-iconcol\"> \n<i  class=\"font-icon-21 fa fa-address-card-o\" data-cp-fa=\"true\"><\/i> <h4 >LENEX-2 Wettkampfdefinitionen<\/h4> <p >Last Update:&nbsp;27.01.2018  11:00 Uhr<\/p><a  href=\"https:\/\/www.er-schwimmt.de\/images\/content\/ssv2018\/29042018_Erlangen_lenex2_eventstructure.lxf\" target=\"_blank\" class=\"\"><i  class=\"font-icon-20 fa fa-angle-double-right\" data-cp-fa=\"true\"><\/i>&nbsp;download<\/a> <\/div> \n\n\n<\/div> <\/div> <\/div><\/div><div  class=\"content-left-image-section content-image-left\" id=\"sportartikelbedarf\" style=\"background-color: rgb(255, 255, 255);\" data-id=\"content-image-left\" data-category=\"content\" data-label=\"Sportartikelbedarf\"> <div  class=\"gridContainer\"> <div  class=\"row\"> <div  class=\"content-left-image-imgcol\" data-type=\"column\"> <p  class=\"\">\n\n<br ><br >\n<\/p><div  class=\"\"><\/div><div  class=\"\">&nbsp;<\/div><img decoding=\"async\"  src=\"http:\/\/sdjm2018.er-schwimmt.de\/wp-content\/uploads\/2018\/04\/intersport_eisert.png\" class=\"\"> <\/div> <div  class=\"content-left-image-textcol dynamic-color\" data-type=\"column\"> <h2  class=\"\">Sportartikelbedarf<\/h2> <p  class=\"large_text\">Das Erlanger Sportartikelgesch\u00e4ft Eisert ist unser kompetenter Partner in Sachen Schwimmsport.<br >Egal ob Schwimm-, Bade- oder Freizeitklamotten, dazugeh\u00f6riges Equipment, Teamausstattungen etc., hier findet ihr Alles mit Top Beratung und Preisen.<br ><br >Weitere Infos gibts auch auf<\/p> <a  class=\"button blue\" href=\"http:\/\/www.intersport-eisert.de\" target=\"_blank\"> Intersport Eisert <\/a> <p  class=\"\">\n\n<br ><br >\n<\/p><h2  class=\"\"><\/h2><p  class=\"\"><\/p><div  class=\"\"><\/div><div  class=\"\"><span  style=\"line-height: 29.97px; font-size: 19.98px;\"><\/span><\/div><div  class=\"\"><\/div><\/div> <\/div> <\/div> <\/div><div  class=\"content-full-left-image-section\" id=\"veranstaltungsshirts\" style=\"background-color: rgb(255, 255, 255);\" data-id=\"content-full-left-image-section\" data-category=\"content\" data-label=\"Veranstaltungsshirts\"> <div  class=\"content-full-left-image-innerrow\"> <div  class=\"content-full-left-image-imgcol\" style=\"background-image: url(&quot;http:\/\/sdjm2018.er-schwimmt.de\/wp-content\/uploads\/2018\/04\/gray-shirt-mock-up.jpg&quot;);\" data-bg=\"image\"><\/div> <div  class=\"content-full-left-image-textcol dynamic-color\"> <div  data-type=\"column\" class=\"\">  <h2  class=\"\">Veranstaltungs T-Shirts<\/h2> <p  class=\"\">Die Firma Northwest-Designs, bekannt von vielen fr\u00fcheren Veranstaltungen, f\u00fchrt den Druck individueller Veranstaltungsshirts  <br >(bsp. mit Namen, Verein etc) durch. <br ><br >Hier seht Ihr einen Auszug an m\u00f6glichen Modellen mit dem offiziellen Veranstaltungslogo.<br ><br >Wir bedanken uns bei Northwest-Designs f\u00fcr die konstruktive Zusammenarbeit bei der Erstellung des Logos und hoffen Euch gef\u00e4llts!\n<\/p> <\/div> <div  class=\"content-full-left-image-featuresrow\"> <div  class=\"content-full-left-image-featurescol\" data-type=\"column\"> <h5  class=\"\">T-Shirt<\/h5> <p  class=\"\">Trendiges Design, einmalig limitiert f\u00fcr diese Veranstaltung. Sichere Dir dein pers\u00f6nliches Shirt mit Namensaufdruck und Veranstaltungslogo. Weitere Designelemente stehen vor Ort zur Auswahl.\n<br ><br >\n<br >Preis: ab 18,- Euro\n<br >(abh\u00e4ngig von den gew\u00e4hlten Optionen)<\/p>   <img decoding=\"async\"  class=\"custom-image\" src=\"http:\/\/sdjm2018.er-schwimmt.de\/wp-content\/uploads\/2018\/04\/gray-shirt-mock-up.jpg\"><img decoding=\"async\"  class=\"custom-image\" src=\"http:\/\/sdjm2018.er-schwimmt.de\/wp-content\/uploads\/2018\/04\/Northwest_Logo.png\"><\/div> <div  class=\"content-full-left-image-featurescol\" data-type=\"column\"> <h5  class=\"\">Hoodie<\/h5><p  class=\"\">Wers gerne w\u00e4rmer h\u00e4tte\u2026\n<br >Mit oder ohne Seitenarmaufdruck.\n<br >Weitere Designelemente stehen vor Ort zur Auswahl. <br ><br ><br ><br >Preis: ab 45,- Euro <br >(abh\u00e4ngig von den gew\u00e4hlten Optionen)<\/p>    <img decoding=\"async\"  class=\"custom-image\" src=\"http:\/\/sdjm2018.er-schwimmt.de\/wp-content\/uploads\/2018\/04\/Hoodie-mock-up.jpg\"><\/div> <\/div> <\/div> <\/div><\/div><div  class=\"contact-section-formsection white-text\" id=\"contact-4\" data-id=\"contact-section\" data-category=\"contact\" data-label=\"Contact\" data-bg=\"transparent\">\n<div  class=\"gridContainer\">\n<div  class=\"row_224\">\n<div  class=\"contact-textrow\">\n<div  class=\"contact-textcol dynamic-color\">\n<h2 >Kontaktformular<\/h2>\n<p  class=\"white_text\">Sollten noch Fragen offen sein, nutzen Sie bitte die in der Ausschreibung angegebene Meldeadresse oder folgendes Kontaktformular.<\/p>\n\n<\/div>\n<\/div>\n<\/div>\n<div  class=\"contact-formcol\" data-editable=\"true\" data-content-shortcode=\"one_page_express_contact_form shortcode=&quot;contact-form-7 id=&amp;amp;quot;5&amp;amp;quot; title=&amp;amp;quot;Kontaktformular 1&amp;amp;quot;&quot;\"><div role=\"form\" class=\"wpcf7\" id=\"wpcf7-f5-o1\" lang=\"de-DE\" dir=\"ltr\">\n<div class=\"screen-reader-response\"><\/div>\n<form action=\"\/index.php?rest_route=%2Fwp%2Fv2%2Fpages%2F6#wpcf7-f5-o1\" method=\"post\" class=\"wpcf7-form\" novalidate=\"novalidate\">\n<div style=\"display: none;\">\n<input type=\"hidden\" name=\"_wpcf7\" value=\"5\" \/>\n<input type=\"hidden\" name=\"_wpcf7_version\" value=\"5.1.1\" \/>\n<input type=\"hidden\" name=\"_wpcf7_locale\" value=\"de_DE\" \/>\n<input type=\"hidden\" name=\"_wpcf7_unit_tag\" value=\"wpcf7-f5-o1\" \/>\n<input type=\"hidden\" name=\"_wpcf7_container_post\" value=\"0\" \/>\n<input type=\"hidden\" name=\"g-recaptcha-response\" value=\"\" \/>\n<\/div>\n<p><label> Dein Name (Pflichtfeld)<br \/>\n    <span class=\"wpcf7-form-control-wrap your-name\"><input type=\"text\" name=\"your-name\" value=\"\" size=\"40\" class=\"wpcf7-form-control wpcf7-text wpcf7-validates-as-required\" aria-required=\"true\" aria-invalid=\"false\" \/><\/span> <\/label><\/p>\n<p><label> Deine E-Mail-Adresse (Pflichtfeld)<br \/>\n    <span class=\"wpcf7-form-control-wrap your-email\"><input type=\"email\" name=\"your-email\" value=\"\" size=\"40\" class=\"wpcf7-form-control wpcf7-text wpcf7-email wpcf7-validates-as-required wpcf7-validates-as-email\" aria-required=\"true\" aria-invalid=\"false\" \/><\/span> <\/label><\/p>\n<p><label> Betreff<br \/>\n    <span class=\"wpcf7-form-control-wrap your-subject\"><input type=\"text\" name=\"your-subject\" value=\"\" size=\"40\" class=\"wpcf7-form-control wpcf7-text\" aria-invalid=\"false\" \/><\/span> <\/label><\/p>\n<p><label> Deine Nachricht<br \/>\n    <span class=\"wpcf7-form-control-wrap your-message\"><textarea name=\"your-message\" cols=\"40\" rows=\"10\" class=\"wpcf7-form-control wpcf7-textarea\" aria-invalid=\"false\"><\/textarea><\/span> <\/label><\/p>\n<p><center>\n\n<p><\/center><\/p>\n<p><input type=\"submit\" value=\"Senden\" class=\"wpcf7-form-control wpcf7-submit\" \/><\/p>\n<div class=\"wpcf7-response-output wpcf7-display-none\"><\/div><\/form><\/div><\/div>\n<\/div>\n<\/div><div  class=\"clients-strip-section\" id=\"werbung\" style=\"background-color: rgb(246, 246, 246);\" data-id=\"clients-strip-section\" data-category=\"clients\" data-label=\"Werbung\"> <div  class=\"row_187\" data-type=\"row\" data-add-content=\"false\"> <div  class=\"clients-strip-itemcol cp2cols\"> <div  class=\"middle_align1\"><a  href=\"http:\/\/www.er-schwimmt.de\" target=\"_blank\" class=\"\"><img decoding=\"async\"  class=\"clients-strip-itemimg\" src=\"http:\/\/sdjm2018.er-schwimmt.de\/wp-content\/uploads\/2018\/04\/sve_mini.png\"><\/a> <\/div> <\/div> <div  class=\"clients-strip-itemcol cp2cols\"> <div  class=\"middle_align1\"><a  href=\"http:\/\/www.er-schwimmt.de\" target=\"_blank\" class=\"\"><img decoding=\"async\"  class=\"clients-strip-itemimg\" src=\"http:\/\/sdjm2018.er-schwimmt.de\/wp-content\/uploads\/2018\/04\/sgs_mini.png\"><\/a> <\/div> <\/div> <div  class=\"clients-strip-itemcol cp2cols\"> <div  class=\"middle_align1\"><a  href=\"http:\/\/www.er-schwimmt.de\" target=\"_blank\" class=\"\"><img decoding=\"async\"  class=\"clients-strip-itemimg\" src=\"http:\/\/sdjm2018.er-schwimmt.de\/wp-content\/uploads\/2018\/04\/SSG81_logoNeu_Mittel.gif\"><\/a> <\/div> <\/div>    <div  class=\"clients-strip-itemcol cp2cols\"> <div  class=\"middle_align1\"><a  href=\"http:\/\/www.estw.de\" target=\"_blank\" class=\"\"><img decoding=\"async\"  class=\"clients-strip-itemimg\" src=\"http:\/\/sdjm2018.er-schwimmt.de\/wp-content\/uploads\/2018\/04\/ESTW_Logo.gif\"><\/a> <\/div> <\/div><div  class=\"clients-strip-itemcol cp2cols\"> <div  class=\"middle_align1\"><a  href=\"http:\/\/www.intersport-eisert.de\" target=\"_blank\" class=\"\"><img decoding=\"async\"  class=\"clients-strip-itemimg\" src=\"http:\/\/sdjm2018.er-schwimmt.de\/wp-content\/uploads\/2018\/04\/intersport_eisert.png\"><\/a> <\/div> <\/div><div  class=\"clients-strip-itemcol cp2cols\"> <div  class=\"middle_align1\"><a  href=\"https:\/\/nwd.ink\" target=\"_blank\" class=\"\"><img decoding=\"async\"  class=\"clients-strip-itemimg\" src=\"http:\/\/sdjm2018.er-schwimmt.de\/wp-content\/uploads\/2018\/04\/Northwest_Logo.png\"><\/a> <\/div> <\/div><\/div><\/div>","protected":false},"excerpt":{"rendered":"<p>Downloads Ausschreibung, Vereinslisten, Meldeergebnis, Protokoll, etc\u2026 Weiter\u2026 Allgemeine Informationen Alle Informationen kurz und knapp f\u00fcr Euch zusammengefasst. Bitte vor Anreise lesen. Alle Informationen kurz und knapp f\u00fcr Euch zusammengefasst. Bitte vor Anreise lesen. Weiter\u2026 Bitte Beachten! Der Freibadbereich ist geschlossen und darf nicht betreten werden! Zuwiderhandlungen k\u00f6nnen mit Ausschluss von der Veranstaltung geahndet werden. Wettkampfst\u00e4tte&hellip; <br \/> <a class=\"button small blue\" href=\"http:\/\/sdjm2018.er-schwimmt.de\/\">Weiterlesen<\/a><\/p>\n","protected":false},"author":1,"featured_media":0,"parent":0,"menu_order":0,"comment_status":"closed","ping_status":"closed","template":"","meta":{"footnotes":""},"class_list":["post-6","page","type-page","status-publish","hentry"],"_links":{"self":[{"href":"http:\/\/sdjm2018.er-schwimmt.de\/index.php?rest_route=\/wp\/v2\/pages\/6"}],"collection":[{"href":"http:\/\/sdjm2018.er-schwimmt.de\/index.php?rest_route=\/wp\/v2\/pages"}],"about":[{"href":"http:\/\/sdjm2018.er-schwimmt.de\/index.php?rest_route=\/wp\/v2\/types\/page"}],"author":[{"embeddable":true,"href":"http:\/\/sdjm2018.er-schwimmt.de\/index.php?rest_route=\/wp\/v2\/users\/1"}],"replies":[{"embeddable":true,"href":"http:\/\/sdjm2018.er-schwimmt.de\/index.php?rest_route=%2Fwp%2Fv2%2Fcomments&post=6"}],"version-history":[{"count":143,"href":"http:\/\/sdjm2018.er-schwimmt.de\/index.php?rest_route=\/wp\/v2\/pages\/6\/revisions"}],"predecessor-version":[{"id":345,"href":"http:\/\/sdjm2018.er-schwimmt.de\/index.php?rest_route=\/wp\/v2\/pages\/6\/revisions\/345"}],"wp:attachment":[{"href":"http:\/\/sdjm2018.er-schwimmt.de\/index.php?rest_route=%2Fwp%2Fv2%2Fmedia&parent=6"}],"curies":[{"name":"wp","href":"https:\/\/api.w.org\/{rel}","templated":true}]}}